{"id":1489,"date":"2022-10-14T09:53:55","date_gmt":"2022-10-14T07:53:55","guid":{"rendered":"https:\/\/europedirect.reggiocal.it\/mappar3\/?page_id=1489"},"modified":"2024-02-13T10:41:53","modified_gmt":"2024-02-13T09:41:53","slug":"homepage","status":"publish","type":"page","link":"https:\/\/europedirect.reggiocal.it\/storiecircolari\/","title":{"rendered":"homepage"},"content":{"rendered":"\t\t<div data-elementor-type=\"wp-page\" data-elementor-id=\"1489\" class=\"elementor elementor-1489\">\n\t\t\t\t\t\t<section class=\"elementor-section elementor-top-section elementor-element elementor-element-1007d32 elementor-section-boxed elementor-section-height-default elementor-section-height-default\" data-id=\"1007d32\" data-element_type=\"section\">\n\t\t\t\t\t\t<div class=\"elementor-container elementor-column-gap-default\">\n\t\t\t\t\t<div class=\"elementor-column elementor-col-100 elementor-top-column elementor-element elementor-element-90935f8\" data-id=\"90935f8\" data-element_type=\"column\">\n\t\t\t<div class=\"elementor-widget-wrap elementor-element-populated\">\n\t\t\t\t\t\t<div class=\"elementor-element elementor-element-328fa77 elementor-widget elementor-widget-shortcode\" data-id=\"328fa77\" data-element_type=\"widget\" data-widget_type=\"shortcode.default\">\n\t\t\t\t<div class=\"elementor-widget-container\">\n\t\t\t\t\t<div class=\"elementor-shortcode\">  <\/div>\n\t\t\t\t<\/div>\n\t\t\t\t<\/div>\n\t\t\t\t\t<\/div>\n\t\t<\/div>\n\t\t\t\t\t<\/div>\n\t\t<\/section>\n\t\t\t\t<section class=\"elementor-section elementor-top-section elementor-element elementor-element-3c9761f elementor-section-boxed elementor-section-height-default elementor-section-height-default\" data-id=\"3c9761f\" data-element_type=\"section\">\n\t\t\t\t\t\t<div class=\"elementor-container elementor-column-gap-default\">\n\t\t\t\t\t<div class=\"elementor-column elementor-col-100 elementor-top-column elementor-element elementor-element-b9d24c9\" data-id=\"b9d24c9\" data-element_type=\"column\">\n\t\t\t<div class=\"elementor-widget-wrap elementor-element-populated\">\n\t\t\t\t\t\t<div class=\"elementor-element elementor-element-d03e1db elementor-widget elementor-widget-heading\" data-id=\"d03e1db\" data-element_type=\"widget\" data-widget_type=\"heading.default\">\n\t\t\t\t<div class=\"elementor-widget-container\">\n\t\t\t<style>\/*! elementor - v3.21.0 - 15-04-2024 *\/\n.elementor-heading-title{padding:0;margin:0;line-height:1}.elementor-widget-heading .elementor-heading-title[class*=elementor-size-]>a{color:inherit;font-size:inherit;line-height:inherit}.elementor-widget-heading .elementor-heading-title.elementor-size-small{font-size:15px}.elementor-widget-heading .elementor-heading-title.elementor-size-medium{font-size:19px}.elementor-widget-heading .elementor-heading-title.elementor-size-large{font-size:29px}.elementor-widget-heading .elementor-heading-title.elementor-size-xl{font-size:39px}.elementor-widget-heading .elementor-heading-title.elementor-size-xxl{font-size:59px}<\/style><h4 class=\"elementor-heading-title elementor-size-default\">STORIE CIRCOLARI<\/h4>\t\t<\/div>\n\t\t\t\t<\/div>\n\t\t\t\t<section class=\"elementor-section elementor-inner-section elementor-element elementor-element-04c98f8 elementor-section-boxed elementor-section-height-default elementor-section-height-default\" data-id=\"04c98f8\" data-element_type=\"section\">\n\t\t\t\t\t\t<div class=\"elementor-container elementor-column-gap-default\">\n\t\t\t\t\t<div class=\"elementor-column elementor-col-50 elementor-inner-column elementor-element elementor-element-65eaff6\" data-id=\"65eaff6\" data-element_type=\"column\">\n\t\t\t<div class=\"elementor-widget-wrap elementor-element-populated\">\n\t\t\t\t\t\t<div class=\"elementor-element elementor-element-0da6f15 elementor-widget elementor-widget-image\" data-id=\"0da6f15\" data-element_type=\"widget\" data-widget_type=\"image.default\">\n\t\t\t\t<div class=\"elementor-widget-container\">\n\t\t\t<style>\/*! elementor - v3.21.0 - 15-04-2024 *\/\n.elementor-widget-image{text-align:center}.elementor-widget-image a{display:inline-block}.elementor-widget-image a img[src$=\".svg\"]{width:48px}.elementor-widget-image img{vertical-align:middle;display:inline-block}<\/style>\t\t\t\t\t\t\t\t\t\t<img fetchpriority=\"high\" decoding=\"async\" width=\"640\" height=\"320\" src=\"https:\/\/europedirect.reggiocal.it\/storiecircolari\/wp-content\/uploads\/sites\/2\/2024\/02\/III-EVENTO-3-COVER-EVENTBRITE-19GEN-1024x512.jpeg\" class=\"attachment-large size-large wp-image-2568\" alt=\"\" srcset=\"https:\/\/europedirect.reggiocal.it\/storiecircolari\/wp-content\/uploads\/sites\/2\/2024\/02\/III-EVENTO-3-COVER-EVENTBRITE-19GEN-1024x512.jpeg 1024w, https:\/\/europedirect.reggiocal.it\/storiecircolari\/wp-content\/uploads\/sites\/2\/2024\/02\/III-EVENTO-3-COVER-EVENTBRITE-19GEN-300x150.jpeg 300w, https:\/\/europedirect.reggiocal.it\/storiecircolari\/wp-content\/uploads\/sites\/2\/2024\/02\/III-EVENTO-3-COVER-EVENTBRITE-19GEN-768x384.jpeg 768w, https:\/\/europedirect.reggiocal.it\/storiecircolari\/wp-content\/uploads\/sites\/2\/2024\/02\/III-EVENTO-3-COVER-EVENTBRITE-19GEN-1536x768.jpeg 1536w, https:\/\/europedirect.reggiocal.it\/storiecircolari\/wp-content\/uploads\/sites\/2\/2024\/02\/III-EVENTO-3-COVER-EVENTBRITE-19GEN-2048x1024.jpeg 2048w\" sizes=\"(max-width: 640px) 100vw, 640px\" \/>\t\t\t\t\t\t\t\t\t\t\t\t\t<\/div>\n\t\t\t\t<\/div>\n\t\t\t\t\t<\/div>\n\t\t<\/div>\n\t\t\t\t<div class=\"elementor-column elementor-col-50 elementor-inner-column elementor-element elementor-element-edf7fae\" data-id=\"edf7fae\" data-element_type=\"column\">\n\t\t\t<div class=\"elementor-widget-wrap elementor-element-populated\">\n\t\t\t\t\t\t<div class=\"elementor-element elementor-element-0df0231 elementor-widget-tablet_extra__width-initial elementor-widget elementor-widget-heading\" data-id=\"0df0231\" data-element_type=\"widget\" data-widget_type=\"heading.default\">\n\t\t\t\t<div class=\"elementor-widget-container\">\n\t\t\t<h3 class=\"elementor-heading-title elementor-size-default\">\"Unire Biodiversit\u00e0 e Sostenibilit\u00e0: Prospettive per il Futuro\" - Il nostro viaggio continua il 19 Gennaio presso l'Accademia di Belle Arti di Reggio Calabria<\/h3>\t\t<\/div>\n\t\t\t\t<\/div>\n\t\t\t\t<div class=\"elementor-element elementor-element-882d805 elementor-widget elementor-widget-text-editor\" data-id=\"882d805\" data-element_type=\"widget\" data-widget_type=\"text-editor.default\">\n\t\t\t\t<div class=\"elementor-widget-container\">\n\t\t\t<style>\/*! elementor - v3.21.0 - 15-04-2024 *\/\n.elementor-widget-text-editor.elementor-drop-cap-view-stacked .elementor-drop-cap{background-color:#69727d;color:#fff}.elementor-widget-text-editor.elementor-drop-cap-view-framed .elementor-drop-cap{color:#69727d;border:3px solid;background-color:transparent}.elementor-widget-text-editor:not(.elementor-drop-cap-view-default) .elementor-drop-cap{margin-top:8px}.elementor-widget-text-editor:not(.elementor-drop-cap-view-default) .elementor-drop-cap-letter{width:1em;height:1em}.elementor-widget-text-editor .elementor-drop-cap{float:left;text-align:center;line-height:1;font-size:50px}.elementor-widget-text-editor .elementor-drop-cap-letter{display:inline-block}<\/style>\t\t\t\t<div class=\"xdj266r x11i5rnm xat24cr x1mh8g0r x1vvkbs x126k92a\"><div dir=\"auto\">&#8220;Unire Biodiversit\u00e0 e Sostenibilit\u00e0: Prospettive per il Futuro&#8221; &#8211; Il nostro viaggio continua! Dopo il successo del secondo incontro, siamo entusiasti di annunciare il prossimo e ultimo capitolo della nostra esplorazione.<\/div><\/div><div class=\"x11i5rnm xat24cr x1mh8g0r x1vvkbs xtlvy1s x126k92a\"><div dir=\"auto\">Unisciti a noi il 19 gennaio presso l&#8217;Aula Magna dell&#8217;Accademia delle Belle Arti di Reggio Calabria, dove esamineremo come biodiversit\u00e0 e sostenibilit\u00e0 possano coesistere armoniosamente per un futuro migliore.<\/div><\/div>\t\t\t\t\t\t<\/div>\n\t\t\t\t<\/div>\n\t\t\t\t<div class=\"elementor-element elementor-element-fcac7d9 elementor-widget elementor-widget-button\" data-id=\"fcac7d9\" data-element_type=\"widget\" data-widget_type=\"button.default\">\n\t\t\t\t<div class=\"elementor-widget-container\">\n\t\t\t\t\t<div class=\"elementor-button-wrapper\">\n\t\t\t<a class=\"elementor-button elementor-button-link elementor-size-sm\" href=\"https:\/\/europedirect.reggiocal.it\/storiecircolari\/conosciamo-la-biodiversita\/\">\n\t\t\t\t\t\t<span class=\"elementor-button-content-wrapper\">\n\t\t\t\t\t\t\t\t\t<span class=\"elementor-button-text\">Partecipa<\/span>\n\t\t\t\t\t<\/span>\n\t\t\t\t\t<\/a>\n\t\t<\/div>\n\t\t\t\t<\/div>\n\t\t\t\t<\/div>\n\t\t\t\t\t<\/div>\n\t\t<\/div>\n\t\t\t\t\t<\/div>\n\t\t<\/section>\n\t\t\t\t<section class=\"elementor-section elementor-inner-section elementor-element elementor-element-a3c2acc elementor-section-boxed elementor-section-height-default elementor-section-height-default\" data-id=\"a3c2acc\" data-element_type=\"section\">\n\t\t\t\t\t\t<div class=\"elementor-container elementor-column-gap-default\">\n\t\t\t\t\t<div class=\"elementor-column elementor-col-50 elementor-inner-column elementor-element elementor-element-0a35b01\" data-id=\"0a35b01\" data-element_type=\"column\">\n\t\t\t<div class=\"elementor-widget-wrap elementor-element-populated\">\n\t\t\t\t\t\t<div class=\"elementor-element elementor-element-0abc9a1 elementor-widget elementor-widget-image\" data-id=\"0abc9a1\" data-element_type=\"widget\" data-widget_type=\"image.default\">\n\t\t\t\t<div class=\"elementor-widget-container\">\n\t\t\t\t\t\t\t\t\t\t\t\t\t<img decoding=\"async\" width=\"640\" height=\"336\" src=\"https:\/\/europedirect.reggiocal.it\/storiecircolari\/wp-content\/uploads\/sites\/2\/2024\/01\/416098834_886567156805967_804025397296269584_n-1024x538.jpg\" class=\"attachment-large size-large wp-image-2536\" alt=\"\" srcset=\"https:\/\/europedirect.reggiocal.it\/storiecircolari\/wp-content\/uploads\/sites\/2\/2024\/01\/416098834_886567156805967_804025397296269584_n-1024x538.jpg 1024w, https:\/\/europedirect.reggiocal.it\/storiecircolari\/wp-content\/uploads\/sites\/2\/2024\/01\/416098834_886567156805967_804025397296269584_n-300x158.jpg 300w, https:\/\/europedirect.reggiocal.it\/storiecircolari\/wp-content\/uploads\/sites\/2\/2024\/01\/416098834_886567156805967_804025397296269584_n-768x403.jpg 768w, https:\/\/europedirect.reggiocal.it\/storiecircolari\/wp-content\/uploads\/sites\/2\/2024\/01\/416098834_886567156805967_804025397296269584_n.jpg 1200w\" sizes=\"(max-width: 640px) 100vw, 640px\" \/>\t\t\t\t\t\t\t\t\t\t\t\t\t<\/div>\n\t\t\t\t<\/div>\n\t\t\t\t\t<\/div>\n\t\t<\/div>\n\t\t\t\t<div class=\"elementor-column elementor-col-50 elementor-inner-column elementor-element elementor-element-0de7e50\" data-id=\"0de7e50\" data-element_type=\"column\">\n\t\t\t<div class=\"elementor-widget-wrap elementor-element-populated\">\n\t\t\t\t\t\t<div class=\"elementor-element elementor-element-0fb9041 elementor-widget-tablet_extra__width-initial elementor-widget elementor-widget-heading\" data-id=\"0fb9041\" data-element_type=\"widget\" data-widget_type=\"heading.default\">\n\t\t\t\t<div class=\"elementor-widget-container\">\n\t\t\t<h3 class=\"elementor-heading-title elementor-size-default\">\"Sostenibilit\u00e0: L\u2019Impronta Umana sulla Natura\" - Il nostro viaggio continua l'11 Gennaio presso l'Accademia di Belle Arti di Reggio Calabria.<\/h3>\t\t<\/div>\n\t\t\t\t<\/div>\n\t\t\t\t<div class=\"elementor-element elementor-element-80ed47d elementor-widget elementor-widget-text-editor\" data-id=\"80ed47d\" data-element_type=\"widget\" data-widget_type=\"text-editor.default\">\n\t\t\t\t<div class=\"elementor-widget-container\">\n\t\t\t\t\t\t\t<div dir=\"auto\" style=\"text-align: start;\">Sostenibilit\u00e0: L\u2019Impronta Umana sulla Natura&#8221; &#8211; Il nostro viaggio continua!<\/div><div class=\"x11i5rnm xat24cr x1mh8g0r x1vvkbs xtlvy1s x126k92a\"><div dir=\"auto\" style=\"text-align: start;\">Dopo il successo del primo incontro, siamo pronti a tuffarci nel prossimo capitolo della nostra esplorazione. Unisciti a noi l\u201911 gennaio presso l&#8217;Aula Magna dell&#8217;Accademia delle Belle Arti di Reggio Calabria, dove approfondiremo il tema della sostenibilit\u00e0 e l&#8217;impatto delle azioni umane sulla natura.<\/div><\/div>\t\t\t\t\t\t<\/div>\n\t\t\t\t<\/div>\n\t\t\t\t<div class=\"elementor-element elementor-element-6937ae9 elementor-widget elementor-widget-button\" data-id=\"6937ae9\" data-element_type=\"widget\" data-widget_type=\"button.default\">\n\t\t\t\t<div class=\"elementor-widget-container\">\n\t\t\t\t\t<div class=\"elementor-button-wrapper\">\n\t\t\t<a class=\"elementor-button elementor-button-link elementor-size-sm\" href=\"https:\/\/europedirect.reggiocal.it\/storiecircolari\/conosciamo-la-biodiversita\/\">\n\t\t\t\t\t\t<span class=\"elementor-button-content-wrapper\">\n\t\t\t\t\t\t\t\t\t<span class=\"elementor-button-text\">Partecipa<\/span>\n\t\t\t\t\t<\/span>\n\t\t\t\t\t<\/a>\n\t\t<\/div>\n\t\t\t\t<\/div>\n\t\t\t\t<\/div>\n\t\t\t\t\t<\/div>\n\t\t<\/div>\n\t\t\t\t\t<\/div>\n\t\t<\/section>\n\t\t\t\t<section class=\"elementor-section elementor-inner-section elementor-element elementor-element-a97f55c elementor-section-boxed elementor-section-height-default elementor-section-height-default\" data-id=\"a97f55c\" data-element_type=\"section\">\n\t\t\t\t\t\t<div class=\"elementor-container elementor-column-gap-default\">\n\t\t\t\t\t<div class=\"elementor-column elementor-col-50 elementor-inner-column elementor-element elementor-element-d67220c\" data-id=\"d67220c\" data-element_type=\"column\">\n\t\t\t<div class=\"elementor-widget-wrap elementor-element-populated\">\n\t\t\t\t\t\t<div class=\"elementor-element elementor-element-550a8b6 elementor-widget elementor-widget-image\" data-id=\"550a8b6\" data-element_type=\"widget\" data-widget_type=\"image.default\">\n\t\t\t\t<div class=\"elementor-widget-container\">\n\t\t\t\t\t\t\t\t\t\t\t\t\t<img decoding=\"async\" width=\"640\" height=\"320\" src=\"https:\/\/europedirect.reggiocal.it\/storiecircolari\/wp-content\/uploads\/sites\/2\/2023\/12\/https-__cdn.evbuc_.com_images_656617719_217003275684_1_original.jpg\" class=\"attachment-large size-large wp-image-2450\" alt=\"\" srcset=\"https:\/\/europedirect.reggiocal.it\/storiecircolari\/wp-content\/uploads\/sites\/2\/2023\/12\/https-__cdn.evbuc_.com_images_656617719_217003275684_1_original.jpg 940w, https:\/\/europedirect.reggiocal.it\/storiecircolari\/wp-content\/uploads\/sites\/2\/2023\/12\/https-__cdn.evbuc_.com_images_656617719_217003275684_1_original-300x150.jpg 300w, https:\/\/europedirect.reggiocal.it\/storiecircolari\/wp-content\/uploads\/sites\/2\/2023\/12\/https-__cdn.evbuc_.com_images_656617719_217003275684_1_original-768x384.jpg 768w\" sizes=\"(max-width: 640px) 100vw, 640px\" \/>\t\t\t\t\t\t\t\t\t\t\t\t\t<\/div>\n\t\t\t\t<\/div>\n\t\t\t\t\t<\/div>\n\t\t<\/div>\n\t\t\t\t<div class=\"elementor-column elementor-col-50 elementor-inner-column elementor-element elementor-element-1e28f51\" data-id=\"1e28f51\" data-element_type=\"column\">\n\t\t\t<div class=\"elementor-widget-wrap elementor-element-populated\">\n\t\t\t\t\t\t<div class=\"elementor-element elementor-element-1a1ef48 elementor-widget elementor-widget-heading\" data-id=\"1a1ef48\" data-element_type=\"widget\" data-widget_type=\"heading.default\">\n\t\t\t\t<div class=\"elementor-widget-container\">\n\t\t\t<h3 class=\"elementor-heading-title elementor-size-default\">Conosciamo la Biodiversit\u00e0? Cittadini Consapevoli per un Destino Comune\". Il primo evento il 15 Dicembre a Reggio Calabria.<\/h3>\t\t<\/div>\n\t\t\t\t<\/div>\n\t\t\t\t<div class=\"elementor-element elementor-element-84f393a elementor-widget elementor-widget-text-editor\" data-id=\"84f393a\" data-element_type=\"widget\" data-widget_type=\"text-editor.default\">\n\t\t\t\t<div class=\"elementor-widget-container\">\n\t\t\t\t\t\t\t<p>Unisciti a noi per il primo evento della serie<strong> &#8220;Conosciamo la Biodiversit\u00e0?&#8221;<\/strong>, un&#8217;iniziativa unica organizzata dal Centro Europe Direct del Comune di Reggio Calabria, in collaborazione con Evermind Srl Societ\u00e0 Benefit, promosso dall&#8217;Assessorato alle Politiche Giovanili del Comune di Reggio Calabria.<\/p><p>L&#8217;obiettivo \u00e8 &#8211; attraverso una serie di eventi &#8211; sensibilizzare e educare la comunit\u00e0 reggina su come<strong> ogni nostra azione influenzi il delicato equilibrio della biodiversit\u00e0<\/strong> e sulla necessit\u00e0 urgente di un approccio rispettoso per garantire la coesistenza armoniosa tra umanit\u00e0 e natura.<\/p>\t\t\t\t\t\t<\/div>\n\t\t\t\t<\/div>\n\t\t\t\t<div class=\"elementor-element elementor-element-2a8eff1 elementor-widget elementor-widget-button\" data-id=\"2a8eff1\" data-element_type=\"widget\" data-widget_type=\"button.default\">\n\t\t\t\t<div class=\"elementor-widget-container\">\n\t\t\t\t\t<div class=\"elementor-button-wrapper\">\n\t\t\t<a class=\"elementor-button elementor-button-link elementor-size-sm\" href=\"https:\/\/europedirect.reggiocal.it\/storiecircolari\/conosciamo-la-biodiversita\/\">\n\t\t\t\t\t\t<span class=\"elementor-button-content-wrapper\">\n\t\t\t\t\t\t\t\t\t<span class=\"elementor-button-text\">Partecipa<\/span>\n\t\t\t\t\t<\/span>\n\t\t\t\t\t<\/a>\n\t\t<\/div>\n\t\t\t\t<\/div>\n\t\t\t\t<\/div>\n\t\t\t\t\t<\/div>\n\t\t<\/div>\n\t\t\t\t\t<\/div>\n\t\t<\/section>\n\t\t\t\t<section class=\"elementor-section elementor-inner-section elementor-element elementor-element-6535b1c elementor-section-boxed elementor-section-height-default elementor-section-height-default\" data-id=\"6535b1c\" data-element_type=\"section\">\n\t\t\t\t\t\t<div class=\"elementor-container elementor-column-gap-default\">\n\t\t\t\t\t<div class=\"elementor-column elementor-col-50 elementor-inner-column elementor-element elementor-element-af45373\" data-id=\"af45373\" data-element_type=\"column\">\n\t\t\t<div class=\"elementor-widget-wrap elementor-element-populated\">\n\t\t\t\t\t\t<div class=\"elementor-element elementor-element-20ec218 elementor-widget elementor-widget-image\" data-id=\"20ec218\" data-element_type=\"widget\" data-widget_type=\"image.default\">\n\t\t\t\t<div class=\"elementor-widget-container\">\n\t\t\t\t\t\t\t\t\t\t\t\t\t<img loading=\"lazy\" decoding=\"async\" width=\"640\" height=\"341\" src=\"https:\/\/europedirect.reggiocal.it\/storiecircolari\/wp-content\/uploads\/sites\/2\/2023\/11\/banner_notizia.jpg\" class=\"attachment-large size-large wp-image-1666\" alt=\"\" srcset=\"https:\/\/europedirect.reggiocal.it\/storiecircolari\/wp-content\/uploads\/sites\/2\/2023\/11\/banner_notizia.jpg 800w, https:\/\/europedirect.reggiocal.it\/storiecircolari\/wp-content\/uploads\/sites\/2\/2023\/11\/banner_notizia-300x160.jpg 300w, https:\/\/europedirect.reggiocal.it\/storiecircolari\/wp-content\/uploads\/sites\/2\/2023\/11\/banner_notizia-768x409.jpg 768w\" sizes=\"(max-width: 640px) 100vw, 640px\" \/>\t\t\t\t\t\t\t\t\t\t\t\t\t<\/div>\n\t\t\t\t<\/div>\n\t\t\t\t\t<\/div>\n\t\t<\/div>\n\t\t\t\t<div class=\"elementor-column elementor-col-50 elementor-inner-column elementor-element elementor-element-2ee9ac1\" data-id=\"2ee9ac1\" data-element_type=\"column\">\n\t\t\t<div class=\"elementor-widget-wrap elementor-element-populated\">\n\t\t\t\t\t\t<div class=\"elementor-element elementor-element-3098df1 elementor-widget elementor-widget-heading\" data-id=\"3098df1\" data-element_type=\"widget\" data-widget_type=\"heading.default\">\n\t\t\t\t<div class=\"elementor-widget-container\">\n\t\t\t<h3 class=\"elementor-heading-title elementor-size-default\">Settimana Europea per la Riduzione dei Rifiuti. Non farti imballare. Tu puoi fare la differenza<\/h3>\t\t<\/div>\n\t\t\t\t<\/div>\n\t\t\t\t<div class=\"elementor-element elementor-element-80a9e2e elementor-widget elementor-widget-text-editor\" data-id=\"80a9e2e\" data-element_type=\"widget\" data-widget_type=\"text-editor.default\">\n\t\t\t\t<div class=\"elementor-widget-container\">\n\t\t\t\t\t\t\t<p>Il Centro Europe Direct e l&#8217;Accademia di Belle Arti di Reggio Calabria nella Settimana Europea per la Riduzione dei Rifiuti (SERR) propongono &#8211; il 24 e 25 Novembre 2023 &#8211; due &#8220;azioni&#8221; volte a sensibilizzare i cittadini sulla gestione sostenibile delle risorse e dei rifiuti<\/p>\t\t\t\t\t\t<\/div>\n\t\t\t\t<\/div>\n\t\t\t\t<div class=\"elementor-element elementor-element-3516c98 elementor-widget elementor-widget-button\" data-id=\"3516c98\" data-element_type=\"widget\" data-widget_type=\"button.default\">\n\t\t\t\t<div class=\"elementor-widget-container\">\n\t\t\t\t\t<div class=\"elementor-button-wrapper\">\n\t\t\t<a class=\"elementor-button elementor-button-link elementor-size-sm\" href=\"https:\/\/europedirect.reggiocal.it\/storiecircolari\/2023\/11\/19\/settimana-europea-per-la-riduzione-dei-rifiuti-non-farti-imballare-tu-puoi-fare-la-differenza\/\">\n\t\t\t\t\t\t<span class=\"elementor-button-content-wrapper\">\n\t\t\t\t\t\t\t\t\t<span class=\"elementor-button-text\">Partecipa<\/span>\n\t\t\t\t\t<\/span>\n\t\t\t\t\t<\/a>\n\t\t<\/div>\n\t\t\t\t<\/div>\n\t\t\t\t<\/div>\n\t\t\t\t\t<\/div>\n\t\t<\/div>\n\t\t\t\t\t<\/div>\n\t\t<\/section>\n\t\t\t\t\t<\/div>\n\t\t<\/div>\n\t\t\t\t\t<\/div>\n\t\t<\/section>\n\t\t\t\t<section class=\"elementor-section elementor-top-section elementor-element elementor-element-e581206 elementor-section-boxed elementor-section-height-default elementor-section-height-default\" data-id=\"e581206\" data-element_type=\"section\">\n\t\t\t\t\t\t<div class=\"elementor-container elementor-column-gap-default\">\n\t\t\t\t\t<div class=\"elementor-column elementor-col-100 elementor-top-column elementor-element elementor-element-e677960\" data-id=\"e677960\" data-element_type=\"column\">\n\t\t\t<div class=\"elementor-widget-wrap elementor-element-populated\">\n\t\t\t\t\t\t<div class=\"elementor-element elementor-element-7ca8ed3 elementor-widget elementor-widget-heading\" data-id=\"7ca8ed3\" data-element_type=\"widget\" data-widget_type=\"heading.default\">\n\t\t\t\t<div class=\"elementor-widget-container\">\n\t\t\t<h4 class=\"elementor-heading-title elementor-size-default\">SOCIAL NEWS<\/h4>\t\t<\/div>\n\t\t\t\t<\/div>\n\t\t\t\t\t<\/div>\n\t\t<\/div>\n\t\t\t\t\t<\/div>\n\t\t<\/section>\n\t\t\t\t<section class=\"elementor-section elementor-top-section elementor-element elementor-element-4d9efeb elementor-section-boxed elementor-section-height-default elementor-section-height-default\" data-id=\"4d9efeb\" data-element_type=\"section\">\n\t\t\t\t\t\t<div class=\"elementor-container elementor-column-gap-default\">\n\t\t\t\t\t<div class=\"elementor-column elementor-col-100 elementor-top-column elementor-element elementor-element-cf31bcf\" data-id=\"cf31bcf\" data-element_type=\"column\">\n\t\t\t<div class=\"elementor-widget-wrap elementor-element-populated\">\n\t\t\t\t\t\t<div class=\"elementor-element elementor-element-0e32ec6 elementor-widget elementor-widget-html\" data-id=\"0e32ec6\" data-element_type=\"widget\" data-widget_type=\"html.default\">\n\t\t\t\t<div class=\"elementor-widget-container\">\n\t\t\t<script src=\"https:\/\/assets.juicer.io\/embed.js\" type=\"text\/javascript\"><\/script>\n<link href=\"https:\/\/assets.juicer.io\/embed.css\" media=\"all\" rel=\"stylesheet\" type=\"text\/css\" \/>\n<ul class=\"juicer-feed\" data-feed-id=\"europedirectrc\" data-per=\"6\" data-origin=\"embed-code\"> <\/ul>\t\t<\/div>\n\t\t\t\t<\/div>\n\t\t\t\t<div class=\"elementor-element elementor-element-2bee83f elementor-widget elementor-widget-spacer\" data-id=\"2bee83f\" data-element_type=\"widget\" data-widget_type=\"spacer.default\">\n\t\t\t\t<div class=\"elementor-widget-container\">\n\t\t\t<style>\/*! elementor - v3.21.0 - 15-04-2024 *\/\n.elementor-column .elementor-spacer-inner{height:var(--spacer-size)}.e-con{--container-widget-width:100%}.e-con-inner>.elementor-widget-spacer,.e-con>.elementor-widget-spacer{width:var(--container-widget-width,var(--spacer-size));--align-self:var(--container-widget-align-self,initial);--flex-shrink:0}.e-con-inner>.elementor-widget-spacer>.elementor-widget-container,.e-con>.elementor-widget-spacer>.elementor-widget-container{height:100%;width:100%}.e-con-inner>.elementor-widget-spacer>.elementor-widget-container>.elementor-spacer,.e-con>.elementor-widget-spacer>.elementor-widget-container>.elementor-spacer{height:100%}.e-con-inner>.elementor-widget-spacer>.elementor-widget-container>.elementor-spacer>.elementor-spacer-inner,.e-con>.elementor-widget-spacer>.elementor-widget-container>.elementor-spacer>.elementor-spacer-inner{height:var(--container-widget-height,var(--spacer-size))}.e-con-inner>.elementor-widget-spacer.elementor-widget-empty,.e-con>.elementor-widget-spacer.elementor-widget-empty{position:relative;min-height:22px;min-width:22px}.e-con-inner>.elementor-widget-spacer.elementor-widget-empty .elementor-widget-empty-icon,.e-con>.elementor-widget-spacer.elementor-widget-empty .elementor-widget-empty-icon{position:absolute;top:0;bottom:0;left:0;right:0;margin:auto;padding:0;width:22px;height:22px}<\/style>\t\t<div class=\"elementor-spacer\">\n\t\t\t<div class=\"elementor-spacer-inner\"><\/div>\n\t\t<\/div>\n\t\t\t\t<\/div>\n\t\t\t\t<\/div>\n\t\t\t\t\t<\/div>\n\t\t<\/div>\n\t\t\t\t\t<\/div>\n\t\t<\/section>\n\t\t\t\t<\/div>\n\t\t","protected":false},"excerpt":{"rendered":"<p>STORIE CIRCOLARI &#8220;Unire Biodiversit\u00e0 e Sostenibilit\u00e0: Prospettive per il Futuro&#8221; &#8211; Il nostro viaggio continua il 19 Gennaio presso l&#8217;Accademia di Belle Arti di Reggio &#8230; <\/p>\n","protected":false},"author":1,"featured_media":0,"parent":0,"menu_order":0,"comment_status":"closed","ping_status":"closed","template":"elementor_header_footer","meta":{"footnotes":""},"_links":{"self":[{"href":"https:\/\/europedirect.reggiocal.it\/storiecircolari\/wp-json\/wp\/v2\/pages\/1489"}],"collection":[{"href":"https:\/\/europedirect.reggiocal.it\/storiecircolari\/wp-json\/wp\/v2\/pages"}],"about":[{"href":"https:\/\/europedirect.reggiocal.it\/storiecircolari\/wp-json\/wp\/v2\/types\/page"}],"author":[{"embeddable":true,"href":"https:\/\/europedirect.reggiocal.it\/storiecircolari\/wp-json\/wp\/v2\/users\/1"}],"replies":[{"embeddable":true,"href":"https:\/\/europedirect.reggiocal.it\/storiecircolari\/wp-json\/wp\/v2\/comments?post=1489"}],"version-history":[{"count":173,"href":"https:\/\/europedirect.reggiocal.it\/storiecircolari\/wp-json\/wp\/v2\/pages\/1489\/revisions"}],"predecessor-version":[{"id":2571,"href":"https:\/\/europedirect.reggiocal.it\/storiecircolari\/wp-json\/wp\/v2\/pages\/1489\/revisions\/2571"}],"wp:attachment":[{"href":"https:\/\/europedirect.reggiocal.it\/storiecircolari\/wp-json\/wp\/v2\/media?parent=1489"}],"curies":[{"name":"wp","href":"https:\/\/api.w.org\/{rel}","templated":true}]}}